{"id":319,"date":"2021-10-31T18:54:18","date_gmt":"2021-10-31T22:54:18","guid":{"rendered":"https:\/\/internationalneeds.global\/?page_id=319"},"modified":"2022-01-31T10:49:10","modified_gmt":"2022-01-31T15:49:10","slug":"who-we-are","status":"publish","type":"page","link":"https:\/\/internationalneeds.global\/cs\/who-we-are\/","title":{"rendered":"Kdo jsme"},"content":{"rendered":"<div class=\"wp-block-cover alignfull\" style=\"min-height:450px;aspect-ratio:unset;\"><span aria-hidden=\"true\" class=\"has-neve-text-color-background-color has-background-dim-10 wp-block-cover__gradient-background has-background-dim\"><\/span><img loading=\"lazy\" decoding=\"async\" width=\"2560\" height=\"1777\" class=\"wp-block-cover__image-background wp-image-673\" alt=\"\" src=\"https:\/\/internationalneeds.global\/wp-content\/uploads\/cYVjuh4Q-1-scaled.jpeg\" style=\"object-position:62% 33%\" data-object-fit=\"cover\" data-object-position=\"62% 33%\" srcset=\"https:\/\/internationalneeds.global\/wp-content\/uploads\/cYVjuh4Q-1-scaled.jpeg 2560w, https:\/\/internationalneeds.global\/wp-content\/uploads\/cYVjuh4Q-1-300x208.jpeg 300w, https:\/\/internationalneeds.global\/wp-content\/uploads\/cYVjuh4Q-1-2048x1422.jpeg 2048w, https:\/\/internationalneeds.global\/wp-content\/uploads\/cYVjuh4Q-1-768x533.jpeg 768w, https:\/\/internationalneeds.global\/wp-content\/uploads\/cYVjuh4Q-1-1536x1066.jpeg 1536w, https:\/\/internationalneeds.global\/wp-content\/uploads\/cYVjuh4Q-1-18x12.jpeg 18w\" sizes=\"auto, (max-width: 2560px) 100vw, 2560px\" \/><div class=\"wp-block-cover__inner-container is-layout-flow wp-block-cover-is-layout-flow\">\n<h1 id=\"wp-block-themeisle-blocks-advanced-heading-b8659854\" class=\"wp-block-themeisle-blocks-advanced-heading wp-block-themeisle-blocks-advanced-heading-b8659854\"><strong>KDO JSME<\/strong><\/h1>\n\n\n\n<p><\/p>\n<\/div><\/div>\n\n\n\n<section class=\"wp-block-themeisle-blocks-advanced-columns alignfull has-2-columns has-desktop-equal-layout has-tablet-equal-layout has-mobile-collapsedRows-layout has-nogap-gap has-vertical-center\" id=\"wp-block-themeisle-blocks-advanced-columns-065ef03a\"><div class=\"wp-block-themeisle-blocks-advanced-columns-overlay\"><\/div><div class=\"innerblocks-wrap\">\n<div class=\"wp-block-themeisle-blocks-advanced-column\" id=\"wp-block-themeisle-blocks-advanced-column-b5e44864\">\n<h3 class=\"has-text-align-left has-neve-link-hover-color-color has-text-color wp-block-heading\" id=\"how-we-re-organized\"><strong><strong>Zamilujeme se<\/strong><\/strong><\/h3>\n\n\n\n<p>Je mi ct\u00ed slou\u017eit jako prvn\u00ed gener\u00e1ln\u00ed tajemn\u00edk International Needs, kter\u00fd tvo\u0159\u00ed v\u00edce ne\u017e 30 organizac\u00ed p\u016fsob\u00edc\u00edch v n\u011bkter\u00fdch z nejobt\u00ed\u017en\u011bj\u0161\u00edch region\u016f sv\u011bta. Jednodu\u0161e \u0159e\u010deno, na\u0161\u00edm c\u00edlem je uk\u00e1zat Bo\u017e\u00ed l\u00e1sku a soucit, vid\u011bt prom\u011bny \u017eivot\u016f a prom\u011bny spole\u010denstv\u00ed.<\/p>\n\n\n\n<p>Jsem si jist\u00fd, \u017ee budete souhlasit, \u017ee dne\u0161n\u00ed sv\u011bt je bohat\u00e9 a rozmanit\u00e9 m\u00edsto, tapis\u00e9rie etnik, vyzn\u00e1n\u00ed a p\u0159esv\u011bd\u010den\u00ed. Nen\u00e1le\u017e\u00ed n\u00e1m soudit n\u011bkoho jin\u00e9ho, ne\u017e jsme my sami; m\u00edsto toho hled\u00e1me m\u00edr a spole\u010denstv\u00ed s t\u011bmi ze v\u0161ech tradic. V r\u00e1mci pouta opravdov\u00e9ho p\u0159\u00e1telstv\u00ed se sna\u017e\u00edme z\u00edskat d\u016fv\u011bru a v\u00fdsadu slou\u017eit sv\u00fdm bli\u017en\u00edm praktick\u00fdm a relevantn\u00edm zp\u016fsobem.<\/p>\n\n\n\n<p>N\u00e1\u0161 slib, draz\u00ed brat\u0159i a sestry, je, \u017ee se zamilujeme.  <\/p>\n\n\n\n<p><strong>Edmond Vanderpuye, gener\u00e1ln\u00ed tajemn\u00edk<\/strong><\/p>\n<\/div>\n\n\n\n<div class=\"wp-block-themeisle-blocks-advanced-column\" id=\"wp-block-themeisle-blocks-advanced-column-79ff1426\">\n<figure class=\"wp-block-image size-full is-style-rounded\"><img loading=\"lazy\" decoding=\"async\" width=\"720\" height=\"719\" src=\"https:\/\/internationalneeds.global\/wp-content\/uploads\/EdmondV.jpeg\" alt=\"\" class=\"wp-image-1362\" srcset=\"https:\/\/internationalneeds.global\/wp-content\/uploads\/EdmondV.jpeg 720w, https:\/\/internationalneeds.global\/wp-content\/uploads\/EdmondV-300x300.jpeg 300w, https:\/\/internationalneeds.global\/wp-content\/uploads\/EdmondV-150x150.jpeg 150w, https:\/\/internationalneeds.global\/wp-content\/uploads\/EdmondV-12x12.jpeg 12w\" sizes=\"auto, (max-width: 720px) 100vw, 720px\" \/><\/figure>\n<\/div>\n<\/div><\/section>\n\n\n\n<section class=\"wp-block-themeisle-blocks-advanced-columns alignfull has-2-columns has-desktop-equal-layout has-tablet-equal-layout has-mobile-collapsedRows-layout has-nogap-gap has-vertical-center\" id=\"wp-block-themeisle-blocks-advanced-columns-719b2ae1\"><div class=\"wp-block-themeisle-blocks-advanced-columns-overlay\"><\/div><div class=\"innerblocks-wrap\">\n<div class=\"wp-block-themeisle-blocks-advanced-column\" id=\"wp-block-themeisle-blocks-advanced-column-364f4106\">\n<div class=\"wp-block-image\"><figure class=\"aligncenter size-large\"><img loading=\"lazy\" decoding=\"async\" width=\"1536\" height=\"2048\" src=\"https:\/\/internationalneeds.global\/wp-content\/uploads\/eHOlkLrA-edited-1536x2048.jpeg\" alt=\"\" class=\"wp-image-680\" srcset=\"https:\/\/internationalneeds.global\/wp-content\/uploads\/eHOlkLrA-edited-1536x2048.jpeg 1536w, https:\/\/internationalneeds.global\/wp-content\/uploads\/eHOlkLrA-edited-225x300.jpeg 225w, https:\/\/internationalneeds.global\/wp-content\/uploads\/eHOlkLrA-edited-768x1024.jpeg 768w, https:\/\/internationalneeds.global\/wp-content\/uploads\/eHOlkLrA-edited-1152x1536.jpeg 1152w, https:\/\/internationalneeds.global\/wp-content\/uploads\/eHOlkLrA-edited-9x12.jpeg 9w, https:\/\/internationalneeds.global\/wp-content\/uploads\/eHOlkLrA-edited-scaled.jpeg 1920w\" sizes=\"auto, (max-width: 1536px) 100vw, 1536px\" \/><\/figure><\/div>\n<\/div>\n\n\n\n<div class=\"wp-block-themeisle-blocks-advanced-column\" id=\"wp-block-themeisle-blocks-advanced-column-a29d07fb\">\n<h3 class=\"has-neve-link-hover-color-color has-text-color wp-block-heading\" id=\"our-beliefs-and-commitments\"><strong>Na\u0161e p\u0159esv\u011bd\u010den\u00ed a z\u00e1vazky<\/strong><\/h3>\n\n\n\n<p>V\u0161e, co ovliv\u0148uje lidskou zku\u0161enost, se m\u011bn\u00ed. A jak se tato zm\u011bna zrychluje, poci\u0165ujeme dopad globalizace, digit\u00e1ln\u00ed revoluce a rostouc\u00ed vliv ekonomick\u00e9 a politick\u00e9 moci. Jak m\u016f\u017eeme s \u010dist\u00fdm sv\u011bdom\u00edm ml\u010det tv\u00e1\u0159\u00ed v tv\u00e1\u0159 chudob\u011b, v\u00e1lce, nemocem a zm\u011bn\u011b klimatu? Se v\u0161emi v\u00fdzvami, kter\u00fdm tato generace \u010del\u00ed, je na\u0161\u00ed povinnost\u00ed reagovat a nebudeme st\u00e1t opod\u00e1l, zat\u00edmco lid\u00e9 budou bojovat. &nbsp;<\/p>\n\n\n\n<p>International Needs m\u00e1 srdce pro ty, kte\u0159\u00ed k\u0159i\u010d\u00ed v temnot\u00e1ch na\u0161eho sv\u011bta. P\u0159in\u00e1\u0161\u00edme uzdraven\u00ed nemocn\u00fdm, nad\u011bji zraniteln\u00fdm, p\u0159\u00edst\u0159e\u0161\u00ed uprchl\u00edk\u016fm, svobodu v\u011bz\u0148\u016fm, pomoc vdov\u00e1m a sirotk\u016fm a spravedlnost vyko\u0159is\u0165ovan\u00fdm a utla\u010dovan\u00fdm. V\u011b\u0159\u00edme, \u017ee v\u0161ichni, kdo trp\u00ed, mohou b\u00fdt prom\u011bn\u011bni neuv\u011b\u0159itelnou silou l\u00e1sky. &nbsp;<\/p>\n\n\n\n<p>Na\u0161e pr\u00e1ce m\u00e1 velmi praktick\u00fd aspekt, kdy se zam\u011b\u0159ujeme na fyzick\u00e9 pot\u0159eby jednotlivc\u016f a komunit. Na hlub\u0161\u00ed \u00farovni p\u016fsob\u00edme holistick\u00fdm zp\u016fsobem, na pr\u016fse\u010d\u00edku fyzick\u00e9ho a duchovn\u00edho, kde nebesk\u00e9 kr\u00e1lovstv\u00ed prostupuje v\u0161\u00edm na zemi. Bo\u017e\u00ed slovo je skute\u010dn\u011b j\u00e1drem v\u0161eho, co d\u011bl\u00e1me. I kdy\u017e je pro n\u00e1s d\u016fle\u017eit\u00e9 \u017e\u00edt svou v\u00edru, nikomu sv\u00e9 p\u0159esv\u011bd\u010den\u00ed nevnucujeme; ani ne\u017e\u00e1d\u00e1me nic na opl\u00e1tku. <\/p>\n<\/div>\n<\/div><\/section>\n\n\n\n<section class=\"wp-block-themeisle-blocks-advanced-columns alignfull has-2-columns has-desktop-equal-layout has-tablet-equal-layout has-mobile-collapsedRows-layout has-nogap-gap has-vertical-center\" id=\"wp-block-themeisle-blocks-advanced-columns-0c484a15\"><div class=\"wp-block-themeisle-blocks-advanced-columns-overlay\"><\/div><div class=\"innerblocks-wrap\">\n<div class=\"wp-block-themeisle-blocks-advanced-column\" id=\"wp-block-themeisle-blocks-advanced-column-1cef94b7\">\n<h3 class=\"has-text-align-left has-neve-link-hover-color-color has-text-color wp-block-heading\" id=\"how-we-re-organized\"><strong>Jak jsme organizov\u00e1ni <\/strong><\/h3>\n\n\n\n<p>International Needs je form\u00e1ln\u00ed federace autonomn\u00edch partner\u016f, kte\u0159\u00ed se sjednocuj\u00ed pod spole\u010dn\u00fdm \u00fa\u010delem a chartou. Organizaci \u0159\u00edd\u00ed an <strong>mezin\u00e1rodn\u00ed kongres deleg\u00e1t\u016f<\/strong> z partnersk\u00fdch zem\u00ed. <\/p>\n\n\n\n<p>An&nbsp;<strong>V\u00fdkonn\u00fd v\u00fdbor<\/strong>&nbsp;je volen z \u0159ad deleg\u00e1t\u016f, aby poskytoval strategick\u00e9 veden\u00ed mezi zased\u00e1n\u00edmi Kongresu.<\/p>\n\n\n\n<p>A <strong>Glob\u00e1ln\u00ed kancel\u00e1\u0159&nbsp;<\/strong>zaji\u0161\u0165uje koordinaci a podporu v\u0161em partner\u016fm pod veden\u00edm gener\u00e1ln\u00edho tajemn\u00edka, kter\u00fd v sou\u010dasnosti s\u00eddl\u00ed v Ghan\u011b.<\/p>\n\n\n\n<p>Ka\u017ed\u00fd ofici\u00e1ln\u00ed partner m\u00e1&nbsp;<strong>firemn\u00ed registrace&nbsp;<\/strong>a <strong>p\u0159edstavenstvo<\/strong>. <\/p>\n\n\n\n<p><strong>Vedouc\u00ed partne\u0159i<\/strong> a <strong>Podpora partner\u016f<\/strong>&nbsp;jsou nez\u00e1visl\u00ed, ale pracuj\u00ed bilater\u00e1ln\u011b na programech, projektech a dal\u0161\u00edch aktivit\u00e1ch. Tato partnerstv\u00ed jsou vedena Bo\u017e\u00ed l\u00e1skou se z\u00e1vazkem vid\u011bt prom\u011bny \u017eivot\u016f a prom\u011bny spole\u010denstv\u00ed.<\/p>\n\n\n\n<p class=\"has-small-font-size\">International Needs Inc. je registrovan\u00e1 charitativn\u00ed spole\u010dnost podle novoz\u00e9landsk\u00e9ho pr\u00e1va a je \u010dlenem Sv\u011btov\u00e9 evangelik\u00e1ln\u00ed aliance.<\/p>\n<\/div>\n\n\n\n<div class=\"wp-block-themeisle-blocks-advanced-column\" id=\"wp-block-themeisle-blocks-advanced-column-8bc5fdbb\">\n<figure class=\"wp-block-image size-full\"><img loading=\"lazy\" decoding=\"async\" width=\"1537\" height=\"1537\" src=\"https:\/\/internationalneeds.global\/wp-content\/uploads\/26BB34F4-A756-4BD9-B1C3-FFE63B55E07F-edited.jpeg\" alt=\"\" class=\"wp-image-964\" srcset=\"https:\/\/internationalneeds.global\/wp-content\/uploads\/26BB34F4-A756-4BD9-B1C3-FFE63B55E07F-edited.jpeg 1537w, https:\/\/internationalneeds.global\/wp-content\/uploads\/26BB34F4-A756-4BD9-B1C3-FFE63B55E07F-edited-300x300.jpeg 300w, https:\/\/internationalneeds.global\/wp-content\/uploads\/26BB34F4-A756-4BD9-B1C3-FFE63B55E07F-edited-150x150.jpeg 150w, https:\/\/internationalneeds.global\/wp-content\/uploads\/26BB34F4-A756-4BD9-B1C3-FFE63B55E07F-edited-768x768.jpeg 768w, https:\/\/internationalneeds.global\/wp-content\/uploads\/26BB34F4-A756-4BD9-B1C3-FFE63B55E07F-edited-12x12.jpeg 12w\" sizes=\"auto, (max-width: 1537px) 100vw, 1537px\" \/><\/figure>\n\n\n\n<p id=\"wp-block-themeisle-blocks-advanced-heading-0ee22def\" class=\"wp-block-themeisle-blocks-advanced-heading wp-block-themeisle-blocks-advanced-heading-0ee22def\">kongres 2019<\/p>\n<\/div>\n<\/div><\/section>\n\n\n\n<section class=\"wp-block-themeisle-blocks-advanced-columns alignfull has-2-columns has-desktop-equal-layout has-tablet-equal-layout has-mobile-collapsedRows-layout has-nogap-gap has-vertical-center\" id=\"wp-block-themeisle-blocks-advanced-columns-de72ff39\"><div class=\"wp-block-themeisle-blocks-advanced-columns-overlay\"><\/div><div class=\"innerblocks-wrap\">\n<div class=\"wp-block-themeisle-blocks-advanced-column\" id=\"wp-block-themeisle-blocks-advanced-column-41f6cecb\">\n<div class=\"wp-block-image\"><figure class=\"aligncenter size-full\"><img loading=\"lazy\" decoding=\"async\" width=\"988\" height=\"688\" src=\"https:\/\/internationalneeds.global\/wp-content\/uploads\/INFounders.jpeg\" alt=\"\" class=\"wp-image-1389\" srcset=\"https:\/\/internationalneeds.global\/wp-content\/uploads\/INFounders.jpeg 988w, https:\/\/internationalneeds.global\/wp-content\/uploads\/INFounders-300x209.jpeg 300w, https:\/\/internationalneeds.global\/wp-content\/uploads\/INFounders-768x535.jpeg 768w, https:\/\/internationalneeds.global\/wp-content\/uploads\/INFounders-18x12.jpeg 18w\" sizes=\"auto, (max-width: 988px) 100vw, 988px\" \/><\/figure><\/div>\n<\/div>\n\n\n\n<div class=\"wp-block-themeisle-blocks-advanced-column\" id=\"wp-block-themeisle-blocks-advanced-column-5af0a9d5\">\n<h3 class=\"has-text-align-left has-neve-link-hover-color-color has-text-color wp-block-heading\" id=\"our-history-and-heritage\"><strong>Na\u0161e historie a d\u011bdictv\u00ed<\/strong><\/h3>\n\n\n\n<p>International Needs Inc. byla zalo\u017eena v roce 1974 Rayem Harrisonem, kter\u00fd v\u00e1\u0161niv\u011b pracoval na v\u00fdvoji nov\u00e9 formy slu\u017eby, kter\u00e1 spojuje k\u0159es\u0165ansk\u00e9 partnery z cel\u00e9ho sv\u011bta. Model, ve sv\u00e9 dob\u011b revolu\u010dn\u00ed, spol\u00e9hal na domorod\u00e9 partnery, kte\u0159\u00ed vedli m\u00edstn\u00ed misi a rozvojovou pr\u00e1ci, p\u0159i\u010dem\u017e glob\u00e1ln\u00ed partne\u0159i hr\u00e1li podp\u016frnou roli.<\/p>\n\n\n\n<p>My\u0161lenka byla zalo\u017eena na p\u0159edstav\u011b, \u017ee ti, kdo \u017eij\u00ed v komunit\u011b, jsou v nejlep\u0161\u00ed pozici pro transformaci v r\u00e1mci sv\u00e9 kultury a kontextu. Tento p\u0159\u00edstup je nyn\u00ed uzn\u00e1van\u00fdm standardem pro glob\u00e1ln\u00ed rozvoj. <\/p>\n\n\n\n<p>Jsme vd\u011b\u010dn\u00ed Rayovi za jeho vizi a v\u011brn\u00e9 veden\u00ed slu\u017eebn\u00edk\u016f. V roce 2019 byl povol\u00e1n dom\u016f do nebe, ale jeho odkaz \u017eije d\u00e1l v mnoha \u017eivotech a komunit\u00e1ch po cel\u00e9m sv\u011bt\u011b a my oslavujeme \u017eivot pro\u017eit\u00fd ke sl\u00e1v\u011b Bo\u017e\u00ed.<\/p>\n<\/div>\n<\/div><\/section>","protected":false},"excerpt":{"rendered":"","protected":false},"author":2,"featured_media":0,"parent":0,"menu_order":0,"comment_status":"closed","ping_status":"closed","template":"","meta":{"neve_meta_sidebar":"","neve_meta_container":"","neve_meta_enable_content_width":"","neve_meta_content_width":0,"neve_meta_title_alignment":"","neve_meta_author_avatar":"","neve_post_elements_order":"","neve_meta_disable_header":"","neve_meta_disable_footer":"","neve_meta_disable_title":"on","_themeisle_gutenberg_block_has_review":false,"_ti_tpc_template_sync":false,"_ti_tpc_template_id":"","footnotes":""},"class_list":["post-319","page","type-page","status-publish","hentry"],"_links":{"self":[{"href":"https:\/\/internationalneeds.global\/cs\/wp-json\/wp\/v2\/pages\/319","targetHints":{"allow":["GET"]}}],"collection":[{"href":"https:\/\/internationalneeds.global\/cs\/wp-json\/wp\/v2\/pages"}],"about":[{"href":"https:\/\/internationalneeds.global\/cs\/wp-json\/wp\/v2\/types\/page"}],"author":[{"embeddable":true,"href":"https:\/\/internationalneeds.global\/cs\/wp-json\/wp\/v2\/users\/2"}],"replies":[{"embeddable":true,"href":"https:\/\/internationalneeds.global\/cs\/wp-json\/wp\/v2\/comments?post=319"}],"version-history":[{"count":89,"href":"https:\/\/internationalneeds.global\/cs\/wp-json\/wp\/v2\/pages\/319\/revisions"}],"predecessor-version":[{"id":1414,"href":"https:\/\/internationalneeds.global\/cs\/wp-json\/wp\/v2\/pages\/319\/revisions\/1414"}],"wp:attachment":[{"href":"https:\/\/internationalneeds.global\/cs\/wp-json\/wp\/v2\/media?parent=319"}],"curies":[{"name":"wp","href":"https:\/\/api.w.org\/{rel}","templated":true}]}}